{"id":11,"date":"2023-07-19T12:33:09","date_gmt":"2023-07-19T10:33:09","guid":{"rendered":"http:\/\/metagraphique.com\/prod\/partnaire\/?page_id=11"},"modified":"2023-10-13T11:12:53","modified_gmt":"2023-10-13T09:12:53","slug":"home","status":"publish","type":"page","link":"https:\/\/metagraphique.com\/prod\/partnaire\/","title":{"rendered":"Home"},"content":{"rendered":"\n<div class=\"wp-block-cover intro\" style=\"min-height:235px;aspect-ratio:unset;\" id=\"objectif\"><span aria-hidden=\"true\" class=\"wp-block-cover__background has-background-dim-100 has-background-dim\" style=\"background-color:#37516a\"><\/span><div class=\"wp-block-cover__inner-container is-layout-constrained wp-block-cover-is-layout-constrained\">\n<h1 class=\"wp-block-heading has-text-align-center\">Objectif 2024<\/h1>\n\n\n\n<h2 class=\"wp-block-heading has-text-align-center titre-intro\">Le Groupe Partnaire soutient un Team d\u2019athl\u00e8tes 100% Parasport<\/h2>\n<\/div><\/div>\n\n\n\n<div style=\"height:18px\" aria-hidden=\"true\" class=\"wp-block-spacer fond-bleu\"><\/div>\n\n\n\n<div class=\"lavideo\"><iframe loading=\"lazy\" width=\"560\" height=\"315\" src=\"https:\/\/www.youtube.com\/embed\/aqzzAkWlZGY?si=bUaNdc5vTdRK5XKX\" title=\"YouTube video player\" frameborder=\"0\" allow=\"accelerometer; autoplay; clipboard-write; encrypted-media; gyroscope; picture-in-picture; web-share\" allowfullscreen><\/iframe><\/div>\n\n\n\n<div class=\"wp-block-columns groupe-partnaire px-10 has-white-color has-text-color has-background is-layout-flex wp-container-core-columns-is-layout-9d6595d7 wp-block-columns-is-layout-flex\" style=\"background-color:#37516a\">\n<div class=\"wp-block-column is-layout-flow wp-block-column-is-layout-flow\">\n<p>Partnaire, groupe europ\u00e9en sp\u00e9cialiste du recrutement et du travail temporaire, poursuit son engagement en mati\u00e8re de handicap et d\u2019inclusion, en soutenant une \u00e9quipe compos\u00e9e de 6 parasportifs qui se pr\u00e9parent avec d\u00e9termination dans leur objectif 2024.<\/p>\n\n\n\n<p>Cet engagement, officialis\u00e9 par la signature d\u2019une convention de m\u00e9c\u00e9nat le 7 juin 2023 entre la Fondation d\u2019entreprise Partnaire et la Fondation du Sport Fran\u00e7ais (FSF) pour une dur\u00e9e de 2 ans, s\u2019inscrit dans le cadre du \u00ab Pacte de Performance \u00bb cr\u00e9\u00e9 par la FSF. Ce dispositif permet aux sportifs de haut niveau d\u2019\u00eatre mis en relation avec des m\u00e9c\u00e8nes, contribuant ainsi \u00e0 la r\u00e9ussite de leurs projets sportifs en prenant en charge une partie de leurs d\u00e9penses, telles que l\u2019achat de mat\u00e9riel ou les d\u00e9placements sportifs, entre autres.<\/p>\n\n\n\n<p>Une \u00e9vidence qui s\u2019est impos\u00e9e au Fondateur et Pr\u00e9sident du Groupe Partnaire, Philippe Gobinet, suite \u00e0 une rencontre d\u00e9terminante mais aussi et surtout parce que la cr\u00e9ation de ce team parasport est le point d\u2019orgue d\u2019une strat\u00e9gie d\u2019entreprise bas\u00e9e sur l\u2019humain, et engag\u00e9e depuis de nombreuses ann\u00e9es dans des actions visant \u00e0 soutenir la diversit\u00e9, l\u2019inclusion et le handicap dans le monde du travail.<\/p>\n\n\n\n<p>Soutenir des sportifs de haut niveau en situation de handicap est un nouvel engagement du Groupe en mati\u00e8re d\u2019inclusion, avec une vraie volont\u00e9 de travailler sur les questions d\u2019inclusion dans et par le sport. Une d\u00e9marche f\u00e9d\u00e9ratrice qui permet de sensibiliser les collaborateurs et partenaires du Groupe autour d\u2019un projet d\u2019entreprise enthousiasmant et profond\u00e9ment humain.<\/p>\n<\/div>\n\n\n\n<div class=\"wp-block-column is-layout-flow wp-block-column-is-layout-flow\">\n<figure class=\"wp-block-image size-full coin-arrondi\"><img loading=\"lazy\" decoding=\"async\" width=\"560\" height=\"569\" src=\"https:\/\/metagraphique.com\/prod\/partnaire\/wp-content\/uploads\/2023\/09\/lateam.jpg\" alt=\"\" class=\"wp-image-47\" srcset=\"https:\/\/metagraphique.com\/prod\/partnaire\/wp-content\/uploads\/2023\/09\/lateam.jpg 560w, https:\/\/metagraphique.com\/prod\/partnaire\/wp-content\/uploads\/2023\/09\/lateam-295x300.jpg 295w\" sizes=\"auto, (max-width: 560px) 100vw, 560px\" \/><\/figure>\n<\/div>\n<\/div>\n\n\n\n<div style=\"height:57px\" aria-hidden=\"true\" class=\"wp-block-spacer\"><\/div>\n\n\n\n<h2 class=\"wp-block-heading has-text-align-center\" id=\"rencontre\">Une rencontre, un projet<\/h2>\n\n\n\n<h3 class=\"wp-block-heading has-text-align-center\">Une rencontre d\u00e9terminante \u00e0 l\u2019origine du projet<\/h3>\n\n\n\n<div style=\"height:20px\" aria-hidden=\"true\" class=\"wp-block-spacer\"><\/div>\n\n\n\n<div class=\"wp-block-columns px-10 is-layout-flex wp-container-core-columns-is-layout-9d6595d7 wp-block-columns-is-layout-flex\">\n<div class=\"wp-block-column is-layout-flow wp-block-column-is-layout-flow\">\n<p>La gen\u00e8se de ce projet tient \u00e0 une rencontre en 2015 entre Philippe Gobinet, Pr\u00e9sident du Groupe Partnaire, et R\u00e9my Boull\u00e9, vice-champion de France de vitesse para cano\u00eb et originaire de la r\u00e9gion d\u2019Orl\u00e9ans, berceau du Groupe Partnaire.<\/p>\n\n\n\n<p>Profond\u00e9ment touch\u00e9 par cette rencontre avec R\u00e9my Boull\u00e9, victime d\u2019un accident de parachutisme le rendant parapl\u00e9gique, Philippe Gobinet lui a propos\u00e9 de l\u2019accompagner en finan\u00e7ant son mat\u00e9riel, ses d\u00e9placements et ses entrainements, dans l\u2019objectif des Jeux Paralympiques de Rio 2016 puis de Tokyo 2021, o\u00f9 R\u00e9my a d\u00e9croch\u00e9 la m\u00e9daille de bronze.<br>Depuis lors, Partnaire apporte un soutien sans faille \u00e0 l\u2019athl\u00e8te d\u2019ann\u00e9e en ann\u00e9e.<\/p>\n\n\n\n<p>L\u2019effervescence autour de la perspective 2024 \u00e0 domicile et l\u2019envie de donner la m\u00eame chance \u00e0 d\u2019autres athl\u00e8tes en situation de handicap ont ainsi donn\u00e9 naissance \u00e0 la cr\u00e9ation du Team Partnaire 100% parasport.<\/p>\n\n\n\n<section class=\"wp-block-group present-athl is-nowrap is-layout-flex wp-container-core-group-is-layout-ad2f72ca wp-block-group-is-layout-flex\">\n<figure class=\"wp-block-image size-full\"><img loading=\"lazy\" decoding=\"async\" width=\"82\" height=\"81\" src=\"https:\/\/metagraphique.com\/prod\/partnaire\/wp-content\/uploads\/2023\/09\/portrait-philippe-gobinet.png\" alt=\"\" class=\"wp-image-67\"\/><\/figure>\n\n\n\n<h4 class=\"wp-block-heading\">Philippe Gobinet<br>Pr\u00e9sident du Groupe Partnaire<\/h4>\n<\/section>\n\n\n\n<p>\u00ab&nbsp;Ma rencontre avec R\u00e9my, dont le parcours m\u2019a particuli\u00e8rement touch\u00e9, puis la cr\u00e9ation du Team Partnaire, sont avant tout une v\u00e9ritable aventure humaine, un partage de valeurs et la construction d\u2019une histoire commune qui s\u2019inscrivent parfaitement dans la philosophie du Groupe Partnaire dont je suis le fondateur. Au nom de tous les collaborateurs du Groupe, que je sais tr\u00e8s investis dans ce projet, je souhaite \u00e0 nos 6 athl\u00e8tes d\u2019aller le plus loin possible dans leurs objectifs sportifs, et tout le Groupe sera l\u00e0 pour les soutenir jusqu\u2019au bout, quoi qu\u2019il arrive ! \u00bb<\/p>\n\n\n\n<section class=\"wp-block-group present-athl is-nowrap is-layout-flex wp-container-core-group-is-layout-ad2f72ca wp-block-group-is-layout-flex\">\n<figure class=\"wp-block-image size-full\"><img loading=\"lazy\" decoding=\"async\" width=\"82\" height=\"81\" src=\"https:\/\/metagraphique.com\/prod\/partnaire\/wp-content\/uploads\/2023\/09\/portrait-aurelie_gobinet.png\" alt=\"\" class=\"wp-image-68\"\/><\/figure>\n\n\n\n<h4 class=\"wp-block-heading\">Aur\u00e9lie Gobinet-Gmuender,<br>Vice-pr\u00e9sidente du Groupe Partnaire<\/h4>\n<\/section>\n\n\n\n<p>\u00ab L\u2019aventure de me\u0301ce\u0301nat d\u00e9but\u00e9e autour de R\u00e9my Boull\u00e9 nous a fait prendre conscience que le sport e\u0301tait un vecteur ide\u0301al pour parler d\u2019inclusion. En tant qu\u2019agence d\u2019emploi, c\u2019est une valeur qui nous tient particuli\u00e8rement a\u0300 c\u0153ur : Partnaire met un point d\u2019honneur \u00e0 placer r\u00e9guli\u00e8rement en entreprise des personnes en situation de handicap. Nous avons lance\u0301 r\u00e9cemment notre propre fondation d\u2019entreprise, et j\u2019ai souhait\u00e9 formaliser une approche soci\u00e9tale du sport en me rapprochant de la Fondation du Sport Franc\u0327ais, dans le but de faire passer nos messages autour de l\u2019inclusion par le prisme du sport. \u00bb<\/p>\n<\/div>\n\n\n\n<div class=\"wp-block-column carte is-layout-flow wp-block-column-is-layout-flow\">\n<figure class=\"wp-block-image size-full is-resized\"><img loading=\"lazy\" decoding=\"async\" width=\"562\" height=\"562\" src=\"https:\/\/metagraphique.com\/prod\/partnaire\/wp-content\/uploads\/2023\/09\/Remy_BOULLE_Philippe_GOBINET_2023-2.jpg\" alt=\"Philippe Gobinet et R\u00e9my Boull\u00e9 pr\u00e9sentant le maillot 2024\" class=\"wp-image-57\" style=\"width:562px;height:undefinedpx\" title=\"\" srcset=\"https:\/\/metagraphique.com\/prod\/partnaire\/wp-content\/uploads\/2023\/09\/Remy_BOULLE_Philippe_GOBINET_2023-2.jpg 562w, https:\/\/metagraphique.com\/prod\/partnaire\/wp-content\/uploads\/2023\/09\/Remy_BOULLE_Philippe_GOBINET_2023-2-300x300.jpg 300w, https:\/\/metagraphique.com\/prod\/partnaire\/wp-content\/uploads\/2023\/09\/Remy_BOULLE_Philippe_GOBINET_2023-2-150x150.jpg 150w\" sizes=\"auto, (max-width: 562px) 100vw, 562px\" \/><figcaption class=\"wp-element-caption\">Philippe Gobinet, R\u00e9my Boull\u00e9<\/figcaption><\/figure>\n\n\n\n<div style=\"height:31px\" aria-hidden=\"true\" class=\"wp-block-spacer\"><\/div>\n\n\n\n<article class=\"wp-block-group present-athl is-nowrap is-layout-flex wp-container-core-group-is-layout-ad2f72ca wp-block-group-is-layout-flex\">\n<figure class=\"wp-block-image size-full\"><img loading=\"lazy\" decoding=\"async\" width=\"82\" height=\"81\" src=\"https:\/\/metagraphique.com\/prod\/partnaire\/wp-content\/uploads\/2023\/09\/Affiche_Remy_BOULLE.png\" alt=\"\" class=\"wp-image-63\"\/><\/figure>\n\n\n\n<h4 class=\"wp-block-heading\">R\u00e9my Boull\u00e9<\/h4>\n<\/article>\n\n\n\n<p>\u00ab&nbsp;Le soutien pr\u00e9cieux du Groupe Partnaire, \u00e0 travers Philippe Gobinet, a \u00e9t\u00e9 d\u00e9terminant dans ma pr\u00e9paration aux Jeux Paralympiques de Rio 2016 ainsi que dans les diff\u00e9rentes comp\u00e9titions auxquelles j\u2019ai particip\u00e9 par la suite. Je suis ravi de pouvoir aujourd\u2019hui partager le prolongement de cette belle aventure au sein du Team Partnaire avec 5 autres athl\u00e8tes parasports, tous aussi motiv\u00e9s et d\u00e9termin\u00e9s que moi&nbsp;!&nbsp;\u00bb<\/p>\n<\/div>\n<\/div>\n\n\n\n<section id=\"groupe-lateam\" class=\"wp-block-group groupe-lateam px-10 has-background\" style=\"background-color:#e9f2f4\"><div class=\"wp-block-group__inner-container is-layout-constrained wp-block-group-is-layout-constrained\">\n<div style=\"height:34px\" aria-hidden=\"true\" id=\"lateam\" class=\"wp-block-spacer\"><\/div>\n\n\n\n<h2 class=\"wp-block-heading has-text-align-center\">Le team<\/h2>\n\n\n\n<h3 class=\"wp-block-heading has-text-align-center\">Une \u00e9quipe 100% parasport et paritaire&nbsp;:<br>ensemble vers 2024&nbsp;!<\/h3>\n\n\n\n<div style=\"height:58px\" aria-hidden=\"true\" class=\"wp-block-spacer\"><\/div>\n\n\n\n<div class=\"wp-block-group present-athl max920 is-nowrap is-layout-flex wp-container-core-group-is-layout-ad2f72ca wp-block-group-is-layout-flex\">\n<figure class=\"wp-block-image size-full\"><img loading=\"lazy\" decoding=\"async\" width=\"82\" height=\"81\" src=\"https:\/\/metagraphique.com\/prod\/partnaire\/wp-content\/uploads\/2023\/09\/portrait-aurelie_gobinet.png\" alt=\"\" class=\"wp-image-68\"\/><\/figure>\n\n\n\n<h4 class=\"wp-block-heading\">Aur\u00e9lie Gobinet-Gmuender,<br>Vice-pr\u00e9sidente du Groupe Partnaire<\/h4>\n<\/div>\n\n\n\n<p class=\"max920\">\u00ab Le Team Partnaire est le miroir de notre philosophie d\u2019entreprise, \u00e0 travers les valeurs de diversit\u00e9, d\u2019inclusion et de d\u00e9passement de soi qu\u2019il v\u00e9hicule de la mani\u00e8re la plus concr\u00e8te et la plus positive qui soit ! Ce projet que nous soutenons tous au sein du Groupe rev\u00eat une dimension aspirationnelle tr\u00e8s forte, nous avons \u00e9t\u00e9 touch\u00e9s par les histoires et la grande r\u00e9silience des athl\u00e8tes qui composent le Team Partnaire, et c\u2019est un honneur de pouvoir les accompagner du mieux que nous pouvons. Nous leur souhaitons les meilleures performances sportives pour 2024 ainsi que pour les comp\u00e9titions internationales \u00e0 venir. \u00bb<\/p>\n\n\n\n<p><\/p>\n\n\n\n<div class=\"wp-block-group legroupe\"><div class=\"wp-block-group__inner-container is-layout-constrained wp-block-group-is-layout-constrained\">\n<div class=\"wp-block-columns is-layout-flex wp-container-core-columns-is-layout-9d6595d7 wp-block-columns-is-layout-flex\">\n<div class=\"wp-block-column is-layout-flow wp-block-column-is-layout-flow\"><div class=\"wp-block-image\">\n<figure class=\"aligncenter size-full\"><img loading=\"lazy\" decoding=\"async\" width=\"359\" height=\"507\" src=\"https:\/\/metagraphique.com\/prod\/partnaire\/wp-content\/uploads\/2023\/09\/Affiche-2024_Remy_BOULLE.png\" alt=\"\" class=\"wp-image-71\" srcset=\"https:\/\/metagraphique.com\/prod\/partnaire\/wp-content\/uploads\/2023\/09\/Affiche-2024_Remy_BOULLE.png 359w, https:\/\/metagraphique.com\/prod\/partnaire\/wp-content\/uploads\/2023\/09\/Affiche-2024_Remy_BOULLE-212x300.png 212w\" sizes=\"auto, (max-width: 359px) 100vw, 359px\" \/><\/figure>\n<\/div>\n\n\n<div class=\"wp-block-buttons is-content-justification-center is-layout-flex wp-container-core-buttons-is-layout-16018d1d wp-block-buttons-is-layout-flex\">\n<div class=\"wp-block-button rm\"><a class=\"wp-block-button__link has-white-color has-text-color has-background wp-element-button\" href=\"#\" style=\"background-color:#203854\">En savoir plus<\/a><\/div>\n<\/div>\n<\/div>\n\n\n\n<div class=\"wp-block-column is-layout-flow wp-block-column-is-layout-flow\"><div class=\"wp-block-image\">\n<figure class=\"aligncenter size-full\"><img loading=\"lazy\" decoding=\"async\" width=\"359\" height=\"507\" src=\"https:\/\/metagraphique.com\/prod\/partnaire\/wp-content\/uploads\/2023\/09\/Affiche_2024_florian_bouzianiR.png\" alt=\"\" class=\"wp-image-76\" srcset=\"https:\/\/metagraphique.com\/prod\/partnaire\/wp-content\/uploads\/2023\/09\/Affiche_2024_florian_bouzianiR.png 359w, https:\/\/metagraphique.com\/prod\/partnaire\/wp-content\/uploads\/2023\/09\/Affiche_2024_florian_bouzianiR-212x300.png 212w\" sizes=\"auto, (max-width: 359px) 100vw, 359px\" \/><\/figure>\n<\/div>\n\n\n<div class=\"wp-block-buttons is-content-justification-center is-layout-flex wp-container-core-buttons-is-layout-16018d1d wp-block-buttons-is-layout-flex\">\n<div class=\"wp-block-button fb\"><a class=\"wp-block-button__link has-white-color has-text-color has-background wp-element-button\" style=\"background-color:#203854\">En savoir plus<\/a><\/div>\n<\/div>\n<\/div>\n\n\n\n<div class=\"wp-block-column is-layout-flow wp-block-column-is-layout-flow\"><div class=\"wp-block-image\">\n<figure class=\"aligncenter size-full\"><img loading=\"lazy\" decoding=\"async\" width=\"359\" height=\"507\" src=\"https:\/\/metagraphique.com\/prod\/partnaire\/wp-content\/uploads\/2023\/09\/Affiche_2024_heloise_courvoisier.png\" alt=\"\" class=\"wp-image-77\" srcset=\"https:\/\/metagraphique.com\/prod\/partnaire\/wp-content\/uploads\/2023\/09\/Affiche_2024_heloise_courvoisier.png 359w, https:\/\/metagraphique.com\/prod\/partnaire\/wp-content\/uploads\/2023\/09\/Affiche_2024_heloise_courvoisier-212x300.png 212w\" sizes=\"auto, (max-width: 359px) 100vw, 359px\" \/><\/figure>\n<\/div>\n\n\n<div class=\"wp-block-buttons is-content-justification-center is-layout-flex wp-container-core-buttons-is-layout-16018d1d wp-block-buttons-is-layout-flex\">\n<div class=\"wp-block-button hc\"><a class=\"wp-block-button__link has-white-color has-text-color has-background wp-element-button\" style=\"background-color:#203854\">En savoir plus<\/a><\/div>\n<\/div>\n<\/div>\n<\/div>\n\n\n\n<div class=\"wp-block-columns is-layout-flex wp-container-core-columns-is-layout-9d6595d7 wp-block-columns-is-layout-flex\">\n<div class=\"wp-block-column is-layout-flow wp-block-column-is-layout-flow\"><div class=\"wp-block-image\">\n<figure class=\"aligncenter size-full\"><img loading=\"lazy\" decoding=\"async\" width=\"359\" height=\"508\" src=\"https:\/\/metagraphique.com\/prod\/partnaire\/wp-content\/uploads\/2023\/09\/Affiche_2024_Moez_EL_ASSINE.png\" alt=\"\" class=\"wp-image-75\" srcset=\"https:\/\/metagraphique.com\/prod\/partnaire\/wp-content\/uploads\/2023\/09\/Affiche_2024_Moez_EL_ASSINE.png 359w, https:\/\/metagraphique.com\/prod\/partnaire\/wp-content\/uploads\/2023\/09\/Affiche_2024_Moez_EL_ASSINE-212x300.png 212w\" sizes=\"auto, (max-width: 359px) 100vw, 359px\" \/><\/figure>\n<\/div>\n\n\n<div class=\"wp-block-buttons is-content-justification-center is-layout-flex wp-container-core-buttons-is-layout-16018d1d wp-block-buttons-is-layout-flex\">\n<div class=\"wp-block-button me\"><a class=\"wp-block-button__link has-white-color has-text-color has-background wp-element-button\" style=\"background-color:#203854\">En savoir plus<\/a><\/div>\n<\/div>\n<\/div>\n\n\n\n<div class=\"wp-block-column is-layout-flow wp-block-column-is-layout-flow\"><div class=\"wp-block-image\">\n<figure class=\"aligncenter size-full\"><img loading=\"lazy\" decoding=\"async\" width=\"359\" height=\"508\" src=\"https:\/\/metagraphique.com\/prod\/partnaire\/wp-content\/uploads\/2023\/09\/Affiche_2024_lucie_jarrige.png\" alt=\"\" class=\"wp-image-78\" srcset=\"https:\/\/metagraphique.com\/prod\/partnaire\/wp-content\/uploads\/2023\/09\/Affiche_2024_lucie_jarrige.png 359w, https:\/\/metagraphique.com\/prod\/partnaire\/wp-content\/uploads\/2023\/09\/Affiche_2024_lucie_jarrige-212x300.png 212w\" sizes=\"auto, (max-width: 359px) 100vw, 359px\" \/><\/figure>\n<\/div>\n\n\n<div class=\"wp-block-buttons is-content-justification-center is-layout-flex wp-container-core-buttons-is-layout-16018d1d wp-block-buttons-is-layout-flex\">\n<div class=\"wp-block-button lj\"><a class=\"wp-block-button__link has-white-color has-text-color has-background wp-element-button\" style=\"background-color:#203854\">En savoir plus<\/a><\/div>\n<\/div>\n<\/div>\n\n\n\n<div class=\"wp-block-column is-layout-flow wp-block-column-is-layout-flow\"><div class=\"wp-block-image\">\n<figure class=\"aligncenter size-full\"><img loading=\"lazy\" decoding=\"async\" width=\"359\" height=\"508\" src=\"https:\/\/metagraphique.com\/prod\/partnaire\/wp-content\/uploads\/2023\/09\/Affiche_2024_sandrine_martinet.png\" alt=\"\" class=\"wp-image-79\" srcset=\"https:\/\/metagraphique.com\/prod\/partnaire\/wp-content\/uploads\/2023\/09\/Affiche_2024_sandrine_martinet.png 359w, https:\/\/metagraphique.com\/prod\/partnaire\/wp-content\/uploads\/2023\/09\/Affiche_2024_sandrine_martinet-212x300.png 212w\" sizes=\"auto, (max-width: 359px) 100vw, 359px\" \/><\/figure>\n<\/div>\n\n\n<div class=\"wp-block-buttons is-content-justification-center is-layout-flex wp-container-core-buttons-is-layout-16018d1d wp-block-buttons-is-layout-flex\">\n<div class=\"wp-block-button sm\"><a class=\"wp-block-button__link has-white-color has-text-color has-background wp-element-button\" style=\"background-color:#203854\">En savoir plus<\/a><\/div>\n<\/div>\n<\/div>\n<\/div>\n<\/div><\/div>\n<\/div><\/section>\n\n\n\n<div style=\"height:19px\" aria-hidden=\"true\" class=\"wp-block-spacer\"><\/div>\n\n\n\n<h2 class=\"wp-block-heading has-text-align-center title-engagement\" id=\"engagement\">Notre engagement<\/h2>\n\n\n\n<section class=\"wp-block-group px-10\"><div class=\"wp-block-group__inner-container is-layout-constrained wp-block-group-is-layout-constrained\">\n<div class=\"wp-block-columns is-layout-flex wp-container-core-columns-is-layout-9d6595d7 wp-block-columns-is-layout-flex\">\n<div class=\"wp-block-column is-layout-flow wp-block-column-is-layout-flow\">\n<h3 class=\"wp-block-heading bigh3\">Un projet d\u2019entreprise \u00e0 la hauteur de l\u2019engagement du Groupe Partnaire envers le handicap<\/h3>\n\n\n\n<p>Diversit\u00e9 et inclusion sont des valeurs fortes pour le Groupe Partnaire, entreprise familiale pla\u00e7ant l\u2019humain au c\u0153ur de ses valeurs, qui entreprend de nombreuses actions pour accompagner et soutenir les travailleurs en situation de handicap dans le cadre de ses actions de recrutement et de travail temporaire.<\/p>\n\n\n\n<p>Conside\u0301rant l\u2019acce\u0300s a\u0300 l\u2019emploi pour tous comme un marqueur majeur de sa responsabilite\u0301 socie\u0301tale, le groupe me\u0300ne au quotidien des actions concre\u0300tes sur le terrain. Pour une meilleure inte\u0301gration de ces valeurs au sein du groupe, Partnaire collabore avec un cabinet conseil spe\u0301cialise\u0301 sur les the\u0301matiques du de\u0301veloppement RH, de la Diversite\u0301 et du Handicap mais a aussi cre\u0301e\u0301 un Assessment Center qui accompagne agences et clients sur le sourcing de travailleurs handicape\u0301s.<\/p>\n<\/div>\n\n\n\n<div class=\"wp-block-column is-layout-flow wp-block-column-is-layout-flow\">\n<figure class=\"wp-block-image size-full\"><img loading=\"lazy\" decoding=\"async\" width=\"563\" height=\"563\" src=\"https:\/\/metagraphique.com\/prod\/partnaire\/wp-content\/uploads\/2023\/09\/membre-groupe-partnaire.png\" alt=\"\" class=\"wp-image-81\" srcset=\"https:\/\/metagraphique.com\/prod\/partnaire\/wp-content\/uploads\/2023\/09\/membre-groupe-partnaire.png 563w, https:\/\/metagraphique.com\/prod\/partnaire\/wp-content\/uploads\/2023\/09\/membre-groupe-partnaire-300x300.png 300w, https:\/\/metagraphique.com\/prod\/partnaire\/wp-content\/uploads\/2023\/09\/membre-groupe-partnaire-150x150.png 150w\" sizes=\"auto, (max-width: 563px) 100vw, 563px\" \/><\/figure>\n<\/div>\n<\/div>\n<\/div><\/section>\n\n\n\n<div class=\"wp-block-group signataire has-white-color has-text-color has-background\" style=\"background-color:#203854\"><div class=\"wp-block-group__inner-container is-layout-constrained wp-block-group-is-layout-constrained\">\n<div class=\"wp-block-columns diversite px-10 is-layout-flex wp-container-core-columns-is-layout-9d6595d7 wp-block-columns-is-layout-flex\">\n<div class=\"wp-block-column is-vertically-aligned-center is-layout-flow wp-block-column-is-layout-flow\"><div class=\"wp-block-image\">\n<figure class=\"aligncenter size-full\"><img loading=\"lazy\" decoding=\"async\" width=\"491\" height=\"247\" src=\"https:\/\/metagraphique.com\/prod\/partnaire\/wp-content\/uploads\/2023\/10\/logos-charte-diversite.png\" alt=\"\" class=\"wp-image-267\" srcset=\"https:\/\/metagraphique.com\/prod\/partnaire\/wp-content\/uploads\/2023\/10\/logos-charte-diversite.png 491w, https:\/\/metagraphique.com\/prod\/partnaire\/wp-content\/uploads\/2023\/10\/logos-charte-diversite-300x151.png 300w\" sizes=\"auto, (max-width: 491px) 100vw, 491px\" \/><\/figure>\n<\/div><\/div>\n\n\n\n<div class=\"wp-block-column is-layout-flow wp-block-column-is-layout-flow\">\n<div style=\"height:35px\" aria-hidden=\"true\" class=\"wp-block-spacer\"><\/div>\n\n\n\n<h3 class=\"wp-block-heading\" style=\"text-transform:none\">Signataire de la Charte de la Diversite\u0301 depuis 2009<\/h3>\n\n\n\n<p>Et e\u0301galement du Manifeste pour l\u2019inclusion des personnes en situation de handicap dans la vie e\u0301conomique, le groupe compte aujourd\u2019hui pre\u0300s de 80 agences labellis\u00e9es \u201cParcours Travailleur Handicape\u0301\u201d. Chacune des agences labellis\u00e9es dispose d\u2019un r\u00e9f\u00e9rent form\u00e9 \u00e0 l\u2019accueil et au recrutement des personnes en situation de handicap.<\/p>\n<\/div>\n<\/div>\n<\/div><\/div>\n\n\n\n<div class=\"wp-block-group duoday\"><div class=\"wp-block-group__inner-container is-layout-constrained wp-block-group-is-layout-constrained\">\n<div class=\"wp-block-columns px-10 is-layout-flex wp-container-core-columns-is-layout-9d6595d7 wp-block-columns-is-layout-flex\">\n<div class=\"wp-block-column is-vertically-aligned-center is-layout-flow wp-block-column-is-layout-flow\"><div class=\"wp-block-image img-fluid\">\n<figure class=\"aligncenter size-full\"><img loading=\"lazy\" decoding=\"async\" width=\"415\" height=\"187\" src=\"https:\/\/metagraphique.com\/prod\/partnaire\/wp-content\/uploads\/2023\/09\/duoday.png\" alt=\"\" class=\"wp-image-84\" srcset=\"https:\/\/metagraphique.com\/prod\/partnaire\/wp-content\/uploads\/2023\/09\/duoday.png 415w, https:\/\/metagraphique.com\/prod\/partnaire\/wp-content\/uploads\/2023\/09\/duoday-300x135.png 300w\" sizes=\"auto, (max-width: 415px) 100vw, 415px\" \/><\/figure>\n<\/div><\/div>\n\n\n\n<div class=\"wp-block-column is-layout-flow wp-block-column-is-layout-flow\">\n<h3 class=\"wp-block-heading\">Fervent participant a\u0300 la journe\u0301e \u00ab&nbsp;Duo Day&nbsp;\u00bb depuis sa cre\u0301ation en 2018<\/h3>\n\n\n\n<p>Groupe Partnaire a accompagn\u00e9 plus de 200 duos dans toute la France, dans le cadre des Semaines Europe\u0301ennes pour l\u2019Emploi des Personnes Handicape\u0301es. Lors des Duo Days, une entreprise, une collectivit\u00e9 ou une association accueille, \u00e0 l\u2019occasion d\u2019une journ\u00e9e nationale, une personne en situation de handicap, en duo avec un professionnel volontaire. Au programme de cette journ\u00e9e : d\u00e9couverte du m\u00e9tier, participation active et immersion en entreprise. Depuis 2020, l\u2019ensemble des participants a pu be\u0301ne\u0301ficier, a\u0300 la suite des Duo Days, d\u2019un accompagnement et de conseils personnalis\u00e9s sur leur parcours professionnel par les experts RH du groupe.<\/p>\n\n\n\n<p>L\u2019ambition sociale de Partnaire se traduit par un objectif imm\u00e9diat de 2% de d\u00e9l\u00e9gation de personnes en situation de handicap, avec une perspective \u00e0 3% pour 2025.<\/p>\n<\/div>\n<\/div>\n<\/div><\/div>\n\n\n\n<section id=\"fondation\" class=\"wp-block-group fondation\"><div class=\"wp-block-group__inner-container is-layout-constrained wp-block-group-is-layout-constrained\">\n<div class=\"wp-block-columns has-white-color has-text-color has-background is-layout-flex wp-container-core-columns-is-layout-9d6595d7 wp-block-columns-is-layout-flex\" style=\"background-color:#2c7c8f\">\n<div class=\"wp-block-column is-vertically-aligned-center is-layout-flow wp-block-column-is-layout-flow\"><div class=\"wp-block-image fondation-partnaire\">\n<figure class=\"aligncenter size-full\"><img loading=\"lazy\" decoding=\"async\" width=\"455\" height=\"110\" src=\"https:\/\/metagraphique.com\/prod\/partnaire\/wp-content\/uploads\/2023\/09\/logo_fondation_partnaire_2023_blanc.png\" alt=\"logo fondation partnaire\" class=\"wp-image-90\" style=\"object-fit:cover\" srcset=\"https:\/\/metagraphique.com\/prod\/partnaire\/wp-content\/uploads\/2023\/09\/logo_fondation_partnaire_2023_blanc.png 455w, https:\/\/metagraphique.com\/prod\/partnaire\/wp-content\/uploads\/2023\/09\/logo_fondation_partnaire_2023_blanc-300x73.png 300w\" sizes=\"auto, (max-width: 455px) 100vw, 455px\" \/><\/figure>\n<\/div><\/div>\n\n\n\n<div class=\"wp-block-column is-layout-flow wp-block-column-is-layout-flow\">\n<div style=\"height:40px\" aria-hidden=\"true\" class=\"wp-block-spacer\"><\/div>\n\n\n\n<h2 class=\"wp-block-heading\" id=\"focus\">Focus<\/h2>\n\n\n\n<p>Cr\u00e9\u00e9e en 2021, la Fondation Partnaire est un projet d\u2019entreprise \u00e0 but non-lucratif visant \u00e0 coordonner les engagements soci\u00e9taux du Groupe, marqueurs de son identit\u00e9. Engag\u00e9 depuis toujours en faveur de l\u2019inclusion et de l\u2019acc\u00e8s \u00e0 l\u2019emploi pour tous, le Groupe Partnaire a souhait\u00e9 donner un nouvel \u00e9lan \u00e0 ses engagements avec la conviction profonde que chaque individu m\u00e9rite d\u2019avoir les m\u00eames chances de r\u00e9ussir, ind\u00e9pendamment de son origine sociale, de son sexe ou de son handicap.<\/p>\n\n\n\n<p>Le changement ne pouvant se faire seul, Partnaire s\u2019engage aupr\u00e8s de celles et ceux qui \u0153uvrent chaque jour pour construire un monde du travail plus juste et inclusif. En soutenant des projets d\u2019action sociale et solidaire, la Fondation accompagne les publics en difficult\u00e9 sur le chemin de l\u2019emploi.<\/p>\n\n\n\n<p>L\u2019implication des collaborateurs est une composante importante de cet engagement soci\u00e9tal et vient compl\u00e9ter le soutien financier apport\u00e9 par le Groupe. Les collaborateurs du Groupe sont encourag\u00e9s \u00e0 consacrer plusieurs jours par an \u00e0 des actions solidaires aupr\u00e8s d\u2019associations de leur choix en s\u2019engageant aux c\u00f4t\u00e9s de la Fondation.<\/p>\n\n\n\n<div style=\"height:15px\" aria-hidden=\"true\" class=\"wp-block-spacer\"><\/div>\n\n\n\n<div class=\"wp-block-buttons is-layout-flex wp-block-buttons-is-layout-flex\">\n<div class=\"wp-block-button erbtn-blanc\"><a class=\"wp-block-button__link has-white-background-color has-text-color has-background wp-element-button\" href=\"https:\/\/www.groupe-partnaire.com\/fr\/fondation-partnaire\/\" style=\"color:#2c7c8f\" target=\"_blank\" rel=\"noreferrer noopener\">En savoir plus<\/a><\/div>\n<\/div>\n<\/div>\n<\/div>\n<\/div><\/section>\n\n\n\n<div style=\"height:10px\" aria-hidden=\"true\" class=\"wp-block-spacer\"><\/div>\n\n\n\n<div style=\"height:22px\" aria-hidden=\"true\" class=\"wp-block-spacer\"><\/div>\n","protected":false},"excerpt":{"rendered":"<p>Partnaire, groupe europ\u00e9en sp\u00e9cialiste du recrutement et du travail temporaire, poursuit son engagement en mati\u00e8re de handicap et d\u2019inclusion, en soutenant une \u00e9quipe compos\u00e9e de 6 parasportifs qui se pr\u00e9parent [&hellip;]<\/p>\n<a href=\"https:\/\/metagraphique.com\/prod\/partnaire\/  \" class=\"suite\"> En savoir +<\/a>","protected":false},"author":2,"featured_media":0,"parent":0,"menu_order":0,"comment_status":"closed","ping_status":"closed","template":"temppagehome.php","meta":{"footnotes":""},"class_list":["post-11","page","type-page","status-publish","hentry"],"acf":[],"_links":{"self":[{"href":"https:\/\/metagraphique.com\/prod\/partnaire\/wp-json\/wp\/v2\/pages\/11","targetHints":{"allow":["GET"]}}],"collection":[{"href":"https:\/\/metagraphique.com\/prod\/partnaire\/wp-json\/wp\/v2\/pages"}],"about":[{"href":"https:\/\/metagraphique.com\/prod\/partnaire\/wp-json\/wp\/v2\/types\/page"}],"author":[{"embeddable":true,"href":"https:\/\/metagraphique.com\/prod\/partnaire\/wp-json\/wp\/v2\/users\/2"}],"replies":[{"embeddable":true,"href":"https:\/\/metagraphique.com\/prod\/partnaire\/wp-json\/wp\/v2\/comments?post=11"}],"version-history":[{"count":206,"href":"https:\/\/metagraphique.com\/prod\/partnaire\/wp-json\/wp\/v2\/pages\/11\/revisions"}],"predecessor-version":[{"id":1518,"href":"https:\/\/metagraphique.com\/prod\/partnaire\/wp-json\/wp\/v2\/pages\/11\/revisions\/1518"}],"wp:attachment":[{"href":"https:\/\/metagraphique.com\/prod\/partnaire\/wp-json\/wp\/v2\/media?parent=11"}],"curies":[{"name":"wp","href":"https:\/\/api.w.org\/{rel}","templated":true}]}}